{"version":"1.0","provider_name":"P\u0160 Gori\u010de","provider_url":"https:\/\/www.osjenka.si\/ps-gorice","title":"20. marec - Svetovni dan \u017eab - P\u0160 Gori\u010de","type":"rich","width":600,"height":338,"html":"<blockquote class=\"wp-embedded-content\" data-secret=\"FEIEMqFWmp\"><a href=\"https:\/\/www.osjenka.si\/ps-gorice\/2023\/03\/23\/20-marec-svetovni-dan-zab\/\">20. marec &#8211; Svetovni dan \u017eab<\/a><\/blockquote><iframe sandbox=\"allow-scripts\" security=\"restricted\" src=\"https:\/\/www.osjenka.si\/ps-gorice\/2023\/03\/23\/20-marec-svetovni-dan-zab\/embed\/#?secret=FEIEMqFWmp\" width=\"600\" height=\"338\" title=\"&#8220;20. marec &#8211; Svetovni dan \u017eab&#8221; &#8212; P\u0160 Gori\u010de\" data-secret=\"FEIEMqFWmp\" frameborder=\"0\" marginwidth=\"0\" marginheight=\"0\" scrolling=\"no\" class=\"wp-embedded-content\"><\/iframe><script type=\"text\/javascript\">\n\/* <![CDATA[ *\/\n\/*! This file is auto-generated *\/\n!function(d,l){\"use strict\";l.querySelector&&d.addEventListener&&\"undefined\"!=typeof URL&&(d.wp=d.wp||{},d.wp.receiveEmbedMessage||(d.wp.receiveEmbedMessage=function(e){var t=e.data;if((t||t.secret||t.message||t.value)&&!\/[^a-zA-Z0-9]\/.test(t.secret)){for(var s,r,n,a=l.querySelectorAll('iframe[data-secret=\"'+t.secret+'\"]'),o=l.querySelectorAll('blockquote[data-secret=\"'+t.secret+'\"]'),c=new RegExp(\"^https?:$\",\"i\"),i=0;i<o.length;i++)o[i].style.display=\"none\";for(i=0;i<a.length;i++)s=a[i],e.source===s.contentWindow&&(s.removeAttribute(\"style\"),\"height\"===t.message?(1e3<(r=parseInt(t.value,10))?r=1e3:~~r<200&&(r=200),s.height=r):\"link\"===t.message&&(r=new URL(s.getAttribute(\"src\")),n=new URL(t.value),c.test(n.protocol))&&n.host===r.host&&l.activeElement===s&&(d.top.location.href=t.value))}},d.addEventListener(\"message\",d.wp.receiveEmbedMessage,!1),l.addEventListener(\"DOMContentLoaded\",function(){for(var e,t,s=l.querySelectorAll(\"iframe.wp-embedded-content\"),r=0;r<s.length;r++)(t=(e=s[r]).getAttribute(\"data-secret\"))||(t=Math.random().toString(36).substring(2,12),e.src+=\"#?secret=\"+t,e.setAttribute(\"data-secret\",t)),e.contentWindow.postMessage({message:\"ready\",secret:t},\"*\")},!1)))}(window,document);\n\/* ]]> *\/\n<\/script>\n","thumbnail_url":"https:\/\/www.osjenka.si\/ps-gorice\/wp-content\/uploads\/sites\/2\/2023\/03\/3.3.jpg","thumbnail_width":1536,"thumbnail_height":2048,"description":"20. marca obele\u017eujemo svetovni dan \u017eab.\u00a0 Tudi gori\u0161ki u\u010denci so ta dan namenili tem dvo\u017eivkam, ki imajo pomembno vlogo pri ravnovesju v naravi. Ob razli\u010dnih dejavnostih so spoznavali \u017eivljenje \u017eabic v na\u0161em okolju in razmi\u0161ljali o na\u010dinih, kako lahko sami poskrbimo, da se njihovo \u0161tevilo ne bo tako zmanj\u0161evalo. \u00a0Nekaj utrinkov:\u00a0 Najmlaj\u0161i so se o re\u0161evanju na\u0161ih \u017eabic pou\u010dili ob pou\u010dni knji\u017eici \u017dABICA JE RE\u0160ENA.\u00a0 \u00a0 \u00a0 \u00a0 \u00a0 \u00a0 Preizkusili so se v risanju \u017eabic in postali pravi mojstri, nekateri so jim narisali tudi mlako.\u00a0 \u00a0 \u00a0 \u017dabice so izdelali iz papirja in preizku\u0161ali, \u010digava sko\u010di dlje.\u00a0 Ugotovili so, da [&hellip;]"}