{"version":"1.0","provider_name":"P\u0160 Gori\u010de","provider_url":"https:\/\/www.osjenka.si\/ps-gorice","title":"Obisk Slovenskega \u0161olskega muzeja 2.g - P\u0160 Gori\u010de","type":"rich","width":600,"height":338,"html":"<blockquote class=\"wp-embedded-content\" data-secret=\"gVBKkbVY0Y\"><a href=\"https:\/\/www.osjenka.si\/ps-gorice\/2023\/04\/02\/obisk-slovenskega-solskega-muzeja-2-g\/\">Obisk Slovenskega \u0161olskega muzeja 2.g<\/a><\/blockquote><iframe sandbox=\"allow-scripts\" security=\"restricted\" src=\"https:\/\/www.osjenka.si\/ps-gorice\/2023\/04\/02\/obisk-slovenskega-solskega-muzeja-2-g\/embed\/#?secret=gVBKkbVY0Y\" width=\"600\" height=\"338\" title=\"&#8220;Obisk Slovenskega \u0161olskega muzeja 2.g&#8221; &#8212; P\u0160 Gori\u010de\" data-secret=\"gVBKkbVY0Y\" frameborder=\"0\" marginwidth=\"0\" marginheight=\"0\" scrolling=\"no\" class=\"wp-embedded-content\"><\/iframe><script type=\"text\/javascript\">\n\/* <![CDATA[ *\/\n\/*! This file is auto-generated *\/\n!function(d,l){\"use strict\";l.querySelector&&d.addEventListener&&\"undefined\"!=typeof URL&&(d.wp=d.wp||{},d.wp.receiveEmbedMessage||(d.wp.receiveEmbedMessage=function(e){var t=e.data;if((t||t.secret||t.message||t.value)&&!\/[^a-zA-Z0-9]\/.test(t.secret)){for(var s,r,n,a=l.querySelectorAll('iframe[data-secret=\"'+t.secret+'\"]'),o=l.querySelectorAll('blockquote[data-secret=\"'+t.secret+'\"]'),c=new RegExp(\"^https?:$\",\"i\"),i=0;i<o.length;i++)o[i].style.display=\"none\";for(i=0;i<a.length;i++)s=a[i],e.source===s.contentWindow&&(s.removeAttribute(\"style\"),\"height\"===t.message?(1e3<(r=parseInt(t.value,10))?r=1e3:~~r<200&&(r=200),s.height=r):\"link\"===t.message&&(r=new URL(s.getAttribute(\"src\")),n=new URL(t.value),c.test(n.protocol))&&n.host===r.host&&l.activeElement===s&&(d.top.location.href=t.value))}},d.addEventListener(\"message\",d.wp.receiveEmbedMessage,!1),l.addEventListener(\"DOMContentLoaded\",function(){for(var e,t,s=l.querySelectorAll(\"iframe.wp-embedded-content\"),r=0;r<s.length;r++)(t=(e=s[r]).getAttribute(\"data-secret\"))||(t=Math.random().toString(36).substring(2,12),e.src+=\"#?secret=\"+t,e.setAttribute(\"data-secret\",t)),e.contentWindow.postMessage({message:\"ready\",secret:t},\"*\")},!1)))}(window,document);\n\/* ]]> *\/\n<\/script>\n","thumbnail_url":"https:\/\/www.osjenka.si\/ps-gorice\/wp-content\/uploads\/sites\/2\/2023\/04\/20230316_100918.jpg","thumbnail_width":1920,"thumbnail_height":864,"description":"U\u010denci \u00a02. razreda smo imeli kulturni dan v Ljubljani. Sprehodili smo se po sredi\u0161\u010du mesta in si ogledali znamenitosti, nato pa smo se odpravili v Slovenski \u0161olski muzej. Ogledali smo si stalno razstavo \u0161olstva na Slovenskem ter se udele\u017eili muzejske u\u010dne ure. Ta je potekala pod strogim o\u010desom gospoda u\u010denika. Oble\u010deni smo bili po modi iz leta 1865. Izkusili smo pouk, kakr\u0161nega so obiskovali na\u0161i vrstniki v preteklosti. Nekateri od nas so lahko okusili \u2018\u010dar\u2019 takratnih kazni \u2013 kle\u010danje v kotu na koruzi in sedenje v oslovski klopi. Pri uri smo uporabljali \u0161olske potreb\u0161\u010dine, kot so jih u\u010denci v \u0161oli neko\u010d. [&hellip;]"}