{"version":"1.0","provider_name":"P\u0160 Gori\u010de","provider_url":"https:\/\/www.osjenka.si\/ps-gorice","title":"Prvi \u0161olski dan - 2. - 5. razred - P\u0160 Gori\u010de","type":"rich","width":600,"height":338,"html":"<blockquote class=\"wp-embedded-content\" data-secret=\"3V8wwN12Q5\"><a href=\"https:\/\/www.osjenka.si\/ps-gorice\/2023\/08\/29\/prvi-solski-dan-2-5-razred\/\">Prvi \u0161olski dan &#8211; 2. &#8211; 5. razred<\/a><\/blockquote><iframe sandbox=\"allow-scripts\" security=\"restricted\" src=\"https:\/\/www.osjenka.si\/ps-gorice\/2023\/08\/29\/prvi-solski-dan-2-5-razred\/embed\/#?secret=3V8wwN12Q5\" width=\"600\" height=\"338\" title=\"&#8220;Prvi \u0161olski dan &#8211; 2. &#8211; 5. razred&#8221; &#8212; P\u0160 Gori\u010de\" data-secret=\"3V8wwN12Q5\" frameborder=\"0\" marginwidth=\"0\" marginheight=\"0\" scrolling=\"no\" class=\"wp-embedded-content\"><\/iframe><script type=\"text\/javascript\">\n\/* <![CDATA[ *\/\n\/*! This file is auto-generated *\/\n!function(d,l){\"use strict\";l.querySelector&&d.addEventListener&&\"undefined\"!=typeof URL&&(d.wp=d.wp||{},d.wp.receiveEmbedMessage||(d.wp.receiveEmbedMessage=function(e){var t=e.data;if((t||t.secret||t.message||t.value)&&!\/[^a-zA-Z0-9]\/.test(t.secret)){for(var s,r,n,a=l.querySelectorAll('iframe[data-secret=\"'+t.secret+'\"]'),o=l.querySelectorAll('blockquote[data-secret=\"'+t.secret+'\"]'),c=new RegExp(\"^https?:$\",\"i\"),i=0;i<o.length;i++)o[i].style.display=\"none\";for(i=0;i<a.length;i++)s=a[i],e.source===s.contentWindow&&(s.removeAttribute(\"style\"),\"height\"===t.message?(1e3<(r=parseInt(t.value,10))?r=1e3:~~r<200&&(r=200),s.height=r):\"link\"===t.message&&(r=new URL(s.getAttribute(\"src\")),n=new URL(t.value),c.test(n.protocol))&&n.host===r.host&&l.activeElement===s&&(d.top.location.href=t.value))}},d.addEventListener(\"message\",d.wp.receiveEmbedMessage,!1),l.addEventListener(\"DOMContentLoaded\",function(){for(var e,t,s=l.querySelectorAll(\"iframe.wp-embedded-content\"),r=0;r<s.length;r++)(t=(e=s[r]).getAttribute(\"data-secret\"))||(t=Math.random().toString(36).substring(2,12),e.src+=\"#?secret=\"+t,e.setAttribute(\"data-secret\",t)),e.contentWindow.postMessage({message:\"ready\",secret:t},\"*\")},!1)))}(window,document);\n\/* ]]> *\/\n<\/script>\n","thumbnail_url":"https:\/\/www.osjenka.si\/ps-gorice\/wp-content\/uploads\/sites\/2\/2023\/08\/ucenci-slikca.jpeg","thumbnail_width":612,"thumbnail_height":382,"description":"Za u\u010dence in u\u010denke 2., 3., 4. in 5. razreda se bo pouk pri\u010del v PETEK, 1. SEPTEMBRA 2023,\u00a0ob 8.20 uri. Pouk bo prvi \u0161olski dan potekal po naslednjem urniku: Ura 2.r 3.r 4.r 5.r 8.20 \u2013 9.05 ODS ODS ODS ODS 9.25 \u2013 10.10 ODS ODS ODS ODS 10.15 \u2013 11.00 TJA SPO SLJ DRU 11.05 \u2013 11.50 SLJ LUM MAT SLJ S seboj prinesite \u0161olske copate in potreb\u0161\u010dine po urniku. U\u010dbenike boste prevzeli prvi \u0161olski dan. Malica bo za vse u\u010dence, mo\u017eno je tudi kosilo in OPB. Jutranjega varstva prvi \u0161olski dan ni. Delavci \u0161ole vam \u017eelimo lep za\u010detek [&hellip;]"}