{"version":"1.0","provider_name":"P\u0160 Gori\u010de","provider_url":"https:\/\/www.osjenka.si\/ps-gorice","title":"Jesenska zbiralna akcija papirja - P\u0160 Gori\u010de","type":"rich","width":600,"height":338,"html":"<blockquote class=\"wp-embedded-content\" data-secret=\"LXEkz3hPnN\"><a href=\"https:\/\/www.osjenka.si\/ps-gorice\/2023\/10\/15\/jesenska-zbiralna-akcija-papirja-2\/\">Jesenska zbiralna akcija papirja<\/a><\/blockquote><iframe sandbox=\"allow-scripts\" security=\"restricted\" src=\"https:\/\/www.osjenka.si\/ps-gorice\/2023\/10\/15\/jesenska-zbiralna-akcija-papirja-2\/embed\/#?secret=LXEkz3hPnN\" width=\"600\" height=\"338\" title=\"&#8220;Jesenska zbiralna akcija papirja&#8221; &#8212; P\u0160 Gori\u010de\" data-secret=\"LXEkz3hPnN\" frameborder=\"0\" marginwidth=\"0\" marginheight=\"0\" scrolling=\"no\" class=\"wp-embedded-content\"><\/iframe><script type=\"text\/javascript\">\n\/* <![CDATA[ *\/\n\/*! This file is auto-generated *\/\n!function(d,l){\"use strict\";l.querySelector&&d.addEventListener&&\"undefined\"!=typeof URL&&(d.wp=d.wp||{},d.wp.receiveEmbedMessage||(d.wp.receiveEmbedMessage=function(e){var t=e.data;if((t||t.secret||t.message||t.value)&&!\/[^a-zA-Z0-9]\/.test(t.secret)){for(var s,r,n,a=l.querySelectorAll('iframe[data-secret=\"'+t.secret+'\"]'),o=l.querySelectorAll('blockquote[data-secret=\"'+t.secret+'\"]'),c=new RegExp(\"^https?:$\",\"i\"),i=0;i<o.length;i++)o[i].style.display=\"none\";for(i=0;i<a.length;i++)s=a[i],e.source===s.contentWindow&&(s.removeAttribute(\"style\"),\"height\"===t.message?(1e3<(r=parseInt(t.value,10))?r=1e3:~~r<200&&(r=200),s.height=r):\"link\"===t.message&&(r=new URL(s.getAttribute(\"src\")),n=new URL(t.value),c.test(n.protocol))&&n.host===r.host&&l.activeElement===s&&(d.top.location.href=t.value))}},d.addEventListener(\"message\",d.wp.receiveEmbedMessage,!1),l.addEventListener(\"DOMContentLoaded\",function(){for(var e,t,s=l.querySelectorAll(\"iframe.wp-embedded-content\"),r=0;r<s.length;r++)(t=(e=s[r]).getAttribute(\"data-secret\"))||(t=Math.random().toString(36).substring(2,12),e.src+=\"#?secret=\"+t,e.setAttribute(\"data-secret\",t)),e.contentWindow.postMessage({message:\"ready\",secret:t},\"*\")},!1)))}(window,document);\n\/* ]]> *\/\n<\/script>\n","thumbnail_url":"https:\/\/www.osjenka.si\/ps-gorice\/wp-content\/uploads\/sites\/2\/2023\/10\/slika-odpadna11.jpg","thumbnail_width":444,"thumbnail_height":254,"description":"Obve\u0161\u010damo vas, da bo zbiralna akcija odpadnega papirja potekala\u00a0od\u00a0 PONEDELJKA, 16. oktobra,\u00a0 do PETEKA, 20. oktobra, na parkiri\u0161\u010du za O\u0160 v Gori\u010dah (pred telovadnico). \u017delimo, da vsak u\u010denec prinese vsaj nekaj odpadnega papirja. Zbrana sredstva bodo namenjena \u0160olskemu skladu. Veselimo se vseh, ki vsako leto pridno polnite zabojnik. Hvala za va\u0161 prispevek."}