{"version":"1.0","provider_name":"P\u0160 Gori\u010de","provider_url":"https:\/\/www.osjenka.si\/ps-gorice","title":"Prireditev ob kulturnem prazniku - P\u0160 Gori\u010de","type":"rich","width":600,"height":338,"html":"<blockquote class=\"wp-embedded-content\" data-secret=\"y4SvSz8zQO\"><a href=\"https:\/\/www.osjenka.si\/ps-gorice\/2024\/02\/13\/prireditev-ob-kulturnem-prazniku-2\/\">Prireditev ob kulturnem prazniku<\/a><\/blockquote><iframe sandbox=\"allow-scripts\" security=\"restricted\" src=\"https:\/\/www.osjenka.si\/ps-gorice\/2024\/02\/13\/prireditev-ob-kulturnem-prazniku-2\/embed\/#?secret=y4SvSz8zQO\" width=\"600\" height=\"338\" title=\"&#8220;Prireditev ob kulturnem prazniku&#8221; &#8212; P\u0160 Gori\u010de\" data-secret=\"y4SvSz8zQO\" frameborder=\"0\" marginwidth=\"0\" marginheight=\"0\" scrolling=\"no\" class=\"wp-embedded-content\"><\/iframe><script type=\"text\/javascript\">\n\/* <![CDATA[ *\/\n\/*! This file is auto-generated *\/\n!function(d,l){\"use strict\";l.querySelector&&d.addEventListener&&\"undefined\"!=typeof URL&&(d.wp=d.wp||{},d.wp.receiveEmbedMessage||(d.wp.receiveEmbedMessage=function(e){var t=e.data;if((t||t.secret||t.message||t.value)&&!\/[^a-zA-Z0-9]\/.test(t.secret)){for(var s,r,n,a=l.querySelectorAll('iframe[data-secret=\"'+t.secret+'\"]'),o=l.querySelectorAll('blockquote[data-secret=\"'+t.secret+'\"]'),c=new RegExp(\"^https?:$\",\"i\"),i=0;i<o.length;i++)o[i].style.display=\"none\";for(i=0;i<a.length;i++)s=a[i],e.source===s.contentWindow&&(s.removeAttribute(\"style\"),\"height\"===t.message?(1e3<(r=parseInt(t.value,10))?r=1e3:~~r<200&&(r=200),s.height=r):\"link\"===t.message&&(r=new URL(s.getAttribute(\"src\")),n=new URL(t.value),c.test(n.protocol))&&n.host===r.host&&l.activeElement===s&&(d.top.location.href=t.value))}},d.addEventListener(\"message\",d.wp.receiveEmbedMessage,!1),l.addEventListener(\"DOMContentLoaded\",function(){for(var e,t,s=l.querySelectorAll(\"iframe.wp-embedded-content\"),r=0;r<s.length;r++)(t=(e=s[r]).getAttribute(\"data-secret\"))||(t=Math.random().toString(36).substring(2,12),e.src+=\"#?secret=\"+t,e.setAttribute(\"data-secret\",t)),e.contentWindow.postMessage({message:\"ready\",secret:t},\"*\")},!1)))}(window,document);\n\/* ]]> *\/\n<\/script>\n","thumbnail_url":"https:\/\/www.osjenka.si\/ps-gorice\/wp-content\/uploads\/sites\/2\/2024\/02\/IMG_20240202_114442.jpg","thumbnail_width":1920,"thumbnail_height":1436,"description":"V \u017eelji, da bi bila kultura zvesta sopotnica na\u0161ega vsakdana, je prav, da ji ob takem prazniku, kot je 8.februar, damo neskon\u010dno prilo\u017enosti za izra\u017eanje. Tudi u\u010denci na na\u0161i \u0161oli bogatijo na\u0161o skupnost in kulturo. Vsi u\u010denci predstavljajo raznoliko mavrico in ustvarjalno energije na\u0161e \u0161ole. Na \u0161oli imamo veliko mo\u017enosti kulturnega izra\u017eanja \u2013 pevski zbor, dramski kro\u017eek, folkloro, novinarski kro\u017eek \u2026 Prav vsak lahko ustvari nekaj lepega.\u00a0 Na proslavi so nastopajo\u010di \u017eeleli v vseh u\u010dencih prebuditi zanimanje za umetnost in ustvarjanje. Za svobodno izra\u017eanje in &#8220;rad po\u010deti nekaj lepega&#8221; je namre\u010d veliko mo\u017enosti. Nekaj utrinkov: \u00a0"}