{"version":"1.0","provider_name":"P\u0160 Gori\u010de","provider_url":"https:\/\/www.osjenka.si\/ps-gorice","title":"Najmlaj\u0161i zapeli starej\u0161im krajanom - P\u0160 Gori\u010de","type":"rich","width":600,"height":338,"html":"<blockquote class=\"wp-embedded-content\" data-secret=\"vgfTCJnq9O\"><a href=\"https:\/\/www.osjenka.si\/ps-gorice\/2024\/12\/11\/najmlajsi-zapeli-starejsim-krajanom\/\">Najmlaj\u0161i zapeli starej\u0161im krajanom<\/a><\/blockquote><iframe sandbox=\"allow-scripts\" security=\"restricted\" src=\"https:\/\/www.osjenka.si\/ps-gorice\/2024\/12\/11\/najmlajsi-zapeli-starejsim-krajanom\/embed\/#?secret=vgfTCJnq9O\" width=\"600\" height=\"338\" title=\"&#8220;Najmlaj\u0161i zapeli starej\u0161im krajanom&#8221; &#8212; P\u0160 Gori\u010de\" data-secret=\"vgfTCJnq9O\" frameborder=\"0\" marginwidth=\"0\" marginheight=\"0\" scrolling=\"no\" class=\"wp-embedded-content\"><\/iframe><script type=\"text\/javascript\">\n\/* <![CDATA[ *\/\n\/*! This file is auto-generated *\/\n!function(d,l){\"use strict\";l.querySelector&&d.addEventListener&&\"undefined\"!=typeof URL&&(d.wp=d.wp||{},d.wp.receiveEmbedMessage||(d.wp.receiveEmbedMessage=function(e){var t=e.data;if((t||t.secret||t.message||t.value)&&!\/[^a-zA-Z0-9]\/.test(t.secret)){for(var s,r,n,a=l.querySelectorAll('iframe[data-secret=\"'+t.secret+'\"]'),o=l.querySelectorAll('blockquote[data-secret=\"'+t.secret+'\"]'),c=new RegExp(\"^https?:$\",\"i\"),i=0;i<o.length;i++)o[i].style.display=\"none\";for(i=0;i<a.length;i++)s=a[i],e.source===s.contentWindow&&(s.removeAttribute(\"style\"),\"height\"===t.message?(1e3<(r=parseInt(t.value,10))?r=1e3:~~r<200&&(r=200),s.height=r):\"link\"===t.message&&(r=new URL(s.getAttribute(\"src\")),n=new URL(t.value),c.test(n.protocol))&&n.host===r.host&&l.activeElement===s&&(d.top.location.href=t.value))}},d.addEventListener(\"message\",d.wp.receiveEmbedMessage,!1),l.addEventListener(\"DOMContentLoaded\",function(){for(var e,t,s=l.querySelectorAll(\"iframe.wp-embedded-content\"),r=0;r<s.length;r++)(t=(e=s[r]).getAttribute(\"data-secret\"))||(t=Math.random().toString(36).substring(2,12),e.src+=\"#?secret=\"+t,e.setAttribute(\"data-secret\",t)),e.contentWindow.postMessage({message:\"ready\",secret:t},\"*\")},!1)))}(window,document);\n\/* ]]> *\/\n<\/script>\n","thumbnail_url":"https:\/\/www.osjenka.si\/ps-gorice\/wp-content\/uploads\/sites\/2\/2024\/12\/prireditev-RK.jpg","thumbnail_width":1600,"thumbnail_height":1200,"description":"Bli\u017eajo se prazniki in v tem \u010dasu je prav, da se krajani spomnijo vseh starej\u0161ih sova\u0161\u010danov in jih povabijo na prijeten klepet. Seveda jim v okviru RK vedno pripravijo tudi zanimiv kulturni program in pogostitev. Starej\u0161i krajani so vedno veseli najmlaj\u0161ih, ki jim s pesmijo popestrijo skupno sre\u010danje. Letos je bilo sre\u010danje v sredo, 11. 12. 2024, v kulturnem domu. U\u010denci P\u0160 Gori\u010de, ki obiskujejo pevske vaje, so jim zapeli tri zimske pesmice, prvo\u0161olke pa so jim povedale, zakaj imajo babice in dedke.\u00a0 Ob tej prilo\u017enosti jim je peto\u0161olka Ula\u00a0 v imenu vseh u\u010dencev in u\u010diteljev podru\u017eni\u010dne \u0161ole za\u017eelela lepe praznike [&hellip;]"}