{"version":"1.0","provider_name":"P\u0160 Gori\u010de","provider_url":"https:\/\/www.osjenka.si\/ps-gorice","title":"Prireditev ob dnevu samostojnosti in enotnosti - P\u0160 Gori\u010de","type":"rich","width":600,"height":338,"html":"<blockquote class=\"wp-embedded-content\" data-secret=\"mthKJicC7K\"><a href=\"https:\/\/www.osjenka.si\/ps-gorice\/2024\/12\/26\/prireditev-ob-dnevu-samostojnosti-in-enotnosti\/\">Prireditev ob dnevu samostojnosti in enotnosti<\/a><\/blockquote><iframe sandbox=\"allow-scripts\" security=\"restricted\" src=\"https:\/\/www.osjenka.si\/ps-gorice\/2024\/12\/26\/prireditev-ob-dnevu-samostojnosti-in-enotnosti\/embed\/#?secret=mthKJicC7K\" width=\"600\" height=\"338\" title=\"&#8220;Prireditev ob dnevu samostojnosti in enotnosti&#8221; &#8212; P\u0160 Gori\u010de\" data-secret=\"mthKJicC7K\" frameborder=\"0\" marginwidth=\"0\" marginheight=\"0\" scrolling=\"no\" class=\"wp-embedded-content\"><\/iframe><script type=\"text\/javascript\">\n\/* <![CDATA[ *\/\n\/*! This file is auto-generated *\/\n!function(d,l){\"use strict\";l.querySelector&&d.addEventListener&&\"undefined\"!=typeof URL&&(d.wp=d.wp||{},d.wp.receiveEmbedMessage||(d.wp.receiveEmbedMessage=function(e){var t=e.data;if((t||t.secret||t.message||t.value)&&!\/[^a-zA-Z0-9]\/.test(t.secret)){for(var s,r,n,a=l.querySelectorAll('iframe[data-secret=\"'+t.secret+'\"]'),o=l.querySelectorAll('blockquote[data-secret=\"'+t.secret+'\"]'),c=new RegExp(\"^https?:$\",\"i\"),i=0;i<o.length;i++)o[i].style.display=\"none\";for(i=0;i<a.length;i++)s=a[i],e.source===s.contentWindow&&(s.removeAttribute(\"style\"),\"height\"===t.message?(1e3<(r=parseInt(t.value,10))?r=1e3:~~r<200&&(r=200),s.height=r):\"link\"===t.message&&(r=new URL(s.getAttribute(\"src\")),n=new URL(t.value),c.test(n.protocol))&&n.host===r.host&&l.activeElement===s&&(d.top.location.href=t.value))}},d.addEventListener(\"message\",d.wp.receiveEmbedMessage,!1),l.addEventListener(\"DOMContentLoaded\",function(){for(var e,t,s=l.querySelectorAll(\"iframe.wp-embedded-content\"),r=0;r<s.length;r++)(t=(e=s[r]).getAttribute(\"data-secret\"))||(t=Math.random().toString(36).substring(2,12),e.src+=\"#?secret=\"+t,e.setAttribute(\"data-secret\",t)),e.contentWindow.postMessage({message:\"ready\",secret:t},\"*\")},!1)))}(window,document);\n\/* ]]> *\/\n<\/script>\n","thumbnail_url":"https:\/\/www.osjenka.si\/ps-gorice\/wp-content\/uploads\/sites\/2\/2024\/12\/1735155631816.jpg","thumbnail_width":1920,"thumbnail_height":1440,"description":"U\u010denci in u\u010diteljice smo se zadnji \u0161olski dan pred bo\u017ei\u010dno novoletnimi prazniki zbrali v prvem razredu, da smo se na skupni prireditvi spomnili davnega leta 1990, ko smo se Slovenci odlo\u010dili za samostojno in neodvisno dr\u017eavo. Prireditev sta povezovala Kaja in Dorian. U\u010denci so razmi\u0161ljali o na\u0161i prelepi domovini. Toma\u017e Habe: Domovina O\u010cKA, KAJ JE DOMOVINA? &nbsp; DOMOVINA NA\u0160A JE DE\u017dELA, TO SO POLJA, MORJE IN GORE, TO SO CESTE IN TOVARNE, RUDNIKI IN VSI LJUDJE. &nbsp; TO JE NA\u0160A LEPA PESEM, SO BESEDE, KI JIH GOVORI\u0160, TO VASI SO, LEPA MESTA, KJER \u017dIVETI SI \u017dELI\u0160. Za samostojno Slovenijo so se [&hellip;]"}