{"version":"1.0","provider_name":"P\u0160 Trstenik","provider_url":"https:\/\/www.osjenka.si\/ps-trstenik","title":"Otvoritev varne \u0161olske poti Pangr\u0161ica - Trstenik - P\u0160 Trstenik","type":"rich","width":600,"height":338,"html":"<blockquote class=\"wp-embedded-content\" data-secret=\"ObrhLM1DUN\"><a href=\"https:\/\/www.osjenka.si\/ps-trstenik\/2022\/11\/19\/otvoritev-varne-solske-poti-pangrsica-trstenik\/\">Otvoritev varne \u0161olske poti Pangr\u0161ica &#8211; Trstenik<\/a><\/blockquote><iframe sandbox=\"allow-scripts\" security=\"restricted\" src=\"https:\/\/www.osjenka.si\/ps-trstenik\/2022\/11\/19\/otvoritev-varne-solske-poti-pangrsica-trstenik\/embed\/#?secret=ObrhLM1DUN\" width=\"600\" height=\"338\" title=\"&#8220;Otvoritev varne \u0161olske poti Pangr\u0161ica &#8211; Trstenik&#8221; &#8212; P\u0160 Trstenik\" data-secret=\"ObrhLM1DUN\" frameborder=\"0\" marginwidth=\"0\" marginheight=\"0\" scrolling=\"no\" class=\"wp-embedded-content\"><\/iframe><script type=\"text\/javascript\">\n\/* <![CDATA[ *\/\n\/*! This file is auto-generated *\/\n!function(d,l){\"use strict\";l.querySelector&&d.addEventListener&&\"undefined\"!=typeof URL&&(d.wp=d.wp||{},d.wp.receiveEmbedMessage||(d.wp.receiveEmbedMessage=function(e){var t=e.data;if((t||t.secret||t.message||t.value)&&!\/[^a-zA-Z0-9]\/.test(t.secret)){for(var s,r,n,a=l.querySelectorAll('iframe[data-secret=\"'+t.secret+'\"]'),o=l.querySelectorAll('blockquote[data-secret=\"'+t.secret+'\"]'),c=new RegExp(\"^https?:$\",\"i\"),i=0;i<o.length;i++)o[i].style.display=\"none\";for(i=0;i<a.length;i++)s=a[i],e.source===s.contentWindow&&(s.removeAttribute(\"style\"),\"height\"===t.message?(1e3<(r=parseInt(t.value,10))?r=1e3:~~r<200&&(r=200),s.height=r):\"link\"===t.message&&(r=new URL(s.getAttribute(\"src\")),n=new URL(t.value),c.test(n.protocol))&&n.host===r.host&&l.activeElement===s&&(d.top.location.href=t.value))}},d.addEventListener(\"message\",d.wp.receiveEmbedMessage,!1),l.addEventListener(\"DOMContentLoaded\",function(){for(var e,t,s=l.querySelectorAll(\"iframe.wp-embedded-content\"),r=0;r<s.length;r++)(t=(e=s[r]).getAttribute(\"data-secret\"))||(t=Math.random().toString(36).substring(2,12),e.src+=\"#?secret=\"+t,e.setAttribute(\"data-secret\",t)),e.contentWindow.postMessage({message:\"ready\",secret:t},\"*\")},!1)))}(window,document);\n\/* ]]> *\/\n<\/script>\n","thumbnail_url":"https:\/\/www.osjenka.si\/ps-trstenik\/wp-content\/uploads\/sites\/3\/2022\/11\/ot01.jpg","thumbnail_width":1787,"thumbnail_height":1760,"description":"V \u010detrtek, 17. 11., smo se drugo\u0161olci in \u010detrto\u0161olci P\u0160\u00a0Trstenik udele\u017eili slavnostne otvoritve varne \u0161olske in kolesarske poti od Pangr\u0161ice do Trstenika. Po uradnem govoru kranjskega \u017eupana, g. Matja\u017ea Rakovca, je bila varna \u0161olska in kolesarska pot tudi uradno odprta. G. Matja\u017e Rakovec nam je razdelil odsevnike, s katerimi smo pozirali tudi uradnemu fotografu, ki je fotografiral slavnostno odprtje. Kot prvi smo se po novi poti sprehodili drugo\u0161olci in \u010detrto\u0161olci ter u\u017eivali v varnem in brezskrbnem sprehodu ob pogledu na prelepo okolico. Besedilo in fotografije: Suzana Ke\u0161ina &nbsp;"}