{"version":"1.0","provider_name":"P\u0160 Trstenik","provider_url":"https:\/\/www.osjenka.si\/ps-trstenik","title":"Prireditev ob dnevu samostojnosti in enotnosti - P\u0160 Trstenik","type":"rich","width":600,"height":338,"html":"<blockquote class=\"wp-embedded-content\" data-secret=\"K1lPJJKD1E\"><a href=\"https:\/\/www.osjenka.si\/ps-trstenik\/2023\/01\/11\/prireditev-ob-dnevu-samostojnosti-in-enotnosti\/\">Prireditev ob dnevu samostojnosti in enotnosti<\/a><\/blockquote><iframe sandbox=\"allow-scripts\" security=\"restricted\" src=\"https:\/\/www.osjenka.si\/ps-trstenik\/2023\/01\/11\/prireditev-ob-dnevu-samostojnosti-in-enotnosti\/embed\/#?secret=K1lPJJKD1E\" width=\"600\" height=\"338\" title=\"&#8220;Prireditev ob dnevu samostojnosti in enotnosti&#8221; &#8212; P\u0160 Trstenik\" data-secret=\"K1lPJJKD1E\" frameborder=\"0\" marginwidth=\"0\" marginheight=\"0\" scrolling=\"no\" class=\"wp-embedded-content\"><\/iframe><script type=\"text\/javascript\">\n\/* <![CDATA[ *\/\n\/*! This file is auto-generated *\/\n!function(d,l){\"use strict\";l.querySelector&&d.addEventListener&&\"undefined\"!=typeof URL&&(d.wp=d.wp||{},d.wp.receiveEmbedMessage||(d.wp.receiveEmbedMessage=function(e){var t=e.data;if((t||t.secret||t.message||t.value)&&!\/[^a-zA-Z0-9]\/.test(t.secret)){for(var s,r,n,a=l.querySelectorAll('iframe[data-secret=\"'+t.secret+'\"]'),o=l.querySelectorAll('blockquote[data-secret=\"'+t.secret+'\"]'),c=new RegExp(\"^https?:$\",\"i\"),i=0;i<o.length;i++)o[i].style.display=\"none\";for(i=0;i<a.length;i++)s=a[i],e.source===s.contentWindow&&(s.removeAttribute(\"style\"),\"height\"===t.message?(1e3<(r=parseInt(t.value,10))?r=1e3:~~r<200&&(r=200),s.height=r):\"link\"===t.message&&(r=new URL(s.getAttribute(\"src\")),n=new URL(t.value),c.test(n.protocol))&&n.host===r.host&&l.activeElement===s&&(d.top.location.href=t.value))}},d.addEventListener(\"message\",d.wp.receiveEmbedMessage,!1),l.addEventListener(\"DOMContentLoaded\",function(){for(var e,t,s=l.querySelectorAll(\"iframe.wp-embedded-content\"),r=0;r<s.length;r++)(t=(e=s[r]).getAttribute(\"data-secret\"))||(t=Math.random().toString(36).substring(2,12),e.src+=\"#?secret=\"+t,e.setAttribute(\"data-secret\",t)),e.contentWindow.postMessage({message:\"ready\",secret:t},\"*\")},!1)))}(window,document);\n\/* ]]> *\/\n<\/script>\n","thumbnail_url":"https:\/\/www.osjenka.si\/ps-trstenik\/wp-content\/uploads\/sites\/3\/2023\/01\/800px-Slovenska_zastava.jpeg","thumbnail_width":800,"thumbnail_height":531,"description":"V decembru smo na \u0161oli obele\u017eili dr\u017eavni praznik, ki smo ga praznovali 26. decembra, dan samostojnosti in enotnosti. Za u\u010dence smo pripravili prireditev, na kateri so pokazali svoje znanje o poznavanju slovenskih znamenitosti. Kviz &#8220;Ali poznam Slovenijo?&#8221; je vseboval veliko vpra\u0161anj in med njimi je bilo precej te\u017ekih. Kljub te\u017ekim vpra\u0161anjem pa so na\u0161i u\u010denci pokazali odli\u010dno znanje in u\u010diteljice smo ugotovile, da zelo dobro poznajo svojo dr\u017eavo. Znate odgovoriti na spodnja vpra\u0161anja? &nbsp; Re\u0161itve: Besedilo: Suzana Ke\u0161ina &nbsp; Viri fotografij: https:\/\/twitter.com\/tatjanapirc\/status\/907719051841081344 https:\/\/pixabay.com\/illustrations\/rainbow-question-mark-quiz-why-6022476\/ https:\/\/sl.wikipedia.org\/wiki\/Grb_Slovenije#\/media\/Slika:Coat_of_arms_of_Slovenia.svg https:\/\/www.tnp.si\/en\/home-2\/about-the-park\/ https:\/\/www.bohinj.si\/julijske-alpe\/ https:\/\/siol.net\/novice\/slovenija\/mladici-cloveske-ribice-se-ze-razvijajo-468977 https:\/\/sl.wikipedia.org\/wiki\/Kranjska_\u010cebela#\/media\/Slika:Carnica_bee_on_solidago.jp https:\/\/sl.m.wikipedia.org\/wiki\/Slika:Slovenska_zastava.JPG"}