{"version":"1.0","provider_name":"P\u0160 Trstenik","provider_url":"https:\/\/www.osjenka.si\/ps-trstenik","title":"Teden vse\u017eivljenjskega u\u010denja (12. - 16. 6. 2023) - P\u0160 Trstenik","type":"rich","width":600,"height":338,"html":"<blockquote class=\"wp-embedded-content\" data-secret=\"ivjsev0bnp\"><a href=\"https:\/\/www.osjenka.si\/ps-trstenik\/2023\/06\/15\/teden-vsezivljenjskega-ucenja-12-16-6-2023\/\">Teden vse\u017eivljenjskega u\u010denja (12. &#8211; 16. 6. 2023)<\/a><\/blockquote><iframe sandbox=\"allow-scripts\" security=\"restricted\" src=\"https:\/\/www.osjenka.si\/ps-trstenik\/2023\/06\/15\/teden-vsezivljenjskega-ucenja-12-16-6-2023\/embed\/#?secret=ivjsev0bnp\" width=\"600\" height=\"338\" title=\"&#8220;Teden vse\u017eivljenjskega u\u010denja (12. &#8211; 16. 6. 2023)&#8221; &#8212; P\u0160 Trstenik\" data-secret=\"ivjsev0bnp\" frameborder=\"0\" marginwidth=\"0\" marginheight=\"0\" scrolling=\"no\" class=\"wp-embedded-content\"><\/iframe><script type=\"text\/javascript\">\n\/* <![CDATA[ *\/\n\/*! This file is auto-generated *\/\n!function(d,l){\"use strict\";l.querySelector&&d.addEventListener&&\"undefined\"!=typeof URL&&(d.wp=d.wp||{},d.wp.receiveEmbedMessage||(d.wp.receiveEmbedMessage=function(e){var t=e.data;if((t||t.secret||t.message||t.value)&&!\/[^a-zA-Z0-9]\/.test(t.secret)){for(var s,r,n,a=l.querySelectorAll('iframe[data-secret=\"'+t.secret+'\"]'),o=l.querySelectorAll('blockquote[data-secret=\"'+t.secret+'\"]'),c=new RegExp(\"^https?:$\",\"i\"),i=0;i<o.length;i++)o[i].style.display=\"none\";for(i=0;i<a.length;i++)s=a[i],e.source===s.contentWindow&&(s.removeAttribute(\"style\"),\"height\"===t.message?(1e3<(r=parseInt(t.value,10))?r=1e3:~~r<200&&(r=200),s.height=r):\"link\"===t.message&&(r=new URL(s.getAttribute(\"src\")),n=new URL(t.value),c.test(n.protocol))&&n.host===r.host&&l.activeElement===s&&(d.top.location.href=t.value))}},d.addEventListener(\"message\",d.wp.receiveEmbedMessage,!1),l.addEventListener(\"DOMContentLoaded\",function(){for(var e,t,s=l.querySelectorAll(\"iframe.wp-embedded-content\"),r=0;r<s.length;r++)(t=(e=s[r]).getAttribute(\"data-secret\"))||(t=Math.random().toString(36).substring(2,12),e.src+=\"#?secret=\"+t,e.setAttribute(\"data-secret\",t)),e.contentWindow.postMessage({message:\"ready\",secret:t},\"*\")},!1)))}(window,document);\n\/* ]]> *\/\n<\/script>\n","thumbnail_url":"https:\/\/www.osjenka.si\/ps-trstenik\/wp-content\/uploads\/sites\/3\/2023\/06\/pasica_TVU2023_00.jpg","thumbnail_width":1200,"thumbnail_height":440,"description":"Smo v Tednu Vse\u017eivljenjskega U\u010denja, ki se ga tudi leto\u0161nje \u0161olsko leto udele\u017euje na\u0161a podru\u017enica. Za nami so \u017ee tri delavnice. Prvo delavnico Kako delujejo mobiteli, je vodil gospod Gro\u0161elj iz Gori\u010d. Peto\u0161olcem je predstavil delovanje mobitelov. Peto\u0161olci so nam povedali, da je bila delavnica zelo zanimiva. Drugo delavnico so se udele\u017eili u\u010denci 4. in 5. razreda. Ali ste \u017ee sli\u0161ali za jezik Esperanto? No, na\u0161i u\u010denci so se ga u\u010dili prvi\u010d in zdaj \u017ee znajo povedati pesem v esperantu. Zelo zanimivo delavnico je vodila gospa Nika Ro\u017eej z Ljudske univerze. Tretje delavnice so se lahko udele\u017eili vsi u\u010denci podalj\u0161anega bivanja. [&hellip;]"}