{"version":"1.0","provider_name":"P\u0160 Trstenik","provider_url":"https:\/\/www.osjenka.si\/ps-trstenik","title":"Tradicionalni slovenski zajtrk (17. 11. 2023) - P\u0160 Trstenik","type":"rich","width":600,"height":338,"html":"<blockquote class=\"wp-embedded-content\" data-secret=\"3xq2Y4Adpb\"><a href=\"https:\/\/www.osjenka.si\/ps-trstenik\/2023\/11\/18\/slovenski-tradicionalni-zajtrk-17-11-2023\/\">Tradicionalni slovenski zajtrk (17. 11. 2023)<\/a><\/blockquote><iframe sandbox=\"allow-scripts\" security=\"restricted\" src=\"https:\/\/www.osjenka.si\/ps-trstenik\/2023\/11\/18\/slovenski-tradicionalni-zajtrk-17-11-2023\/embed\/#?secret=3xq2Y4Adpb\" width=\"600\" height=\"338\" title=\"&#8220;Tradicionalni slovenski zajtrk (17. 11. 2023)&#8221; &#8212; P\u0160 Trstenik\" data-secret=\"3xq2Y4Adpb\" frameborder=\"0\" marginwidth=\"0\" marginheight=\"0\" scrolling=\"no\" class=\"wp-embedded-content\"><\/iframe><script type=\"text\/javascript\">\n\/* <![CDATA[ *\/\n\/*! This file is auto-generated *\/\n!function(d,l){\"use strict\";l.querySelector&&d.addEventListener&&\"undefined\"!=typeof URL&&(d.wp=d.wp||{},d.wp.receiveEmbedMessage||(d.wp.receiveEmbedMessage=function(e){var t=e.data;if((t||t.secret||t.message||t.value)&&!\/[^a-zA-Z0-9]\/.test(t.secret)){for(var s,r,n,a=l.querySelectorAll('iframe[data-secret=\"'+t.secret+'\"]'),o=l.querySelectorAll('blockquote[data-secret=\"'+t.secret+'\"]'),c=new RegExp(\"^https?:$\",\"i\"),i=0;i<o.length;i++)o[i].style.display=\"none\";for(i=0;i<a.length;i++)s=a[i],e.source===s.contentWindow&&(s.removeAttribute(\"style\"),\"height\"===t.message?(1e3<(r=parseInt(t.value,10))?r=1e3:~~r<200&&(r=200),s.height=r):\"link\"===t.message&&(r=new URL(s.getAttribute(\"src\")),n=new URL(t.value),c.test(n.protocol))&&n.host===r.host&&l.activeElement===s&&(d.top.location.href=t.value))}},d.addEventListener(\"message\",d.wp.receiveEmbedMessage,!1),l.addEventListener(\"DOMContentLoaded\",function(){for(var e,t,s=l.querySelectorAll(\"iframe.wp-embedded-content\"),r=0;r<s.length;r++)(t=(e=s[r]).getAttribute(\"data-secret\"))||(t=Math.random().toString(36).substring(2,12),e.src+=\"#?secret=\"+t,e.setAttribute(\"data-secret\",t)),e.contentWindow.postMessage({message:\"ready\",secret:t},\"*\")},!1)))}(window,document);\n\/* ]]> *\/\n<\/script>\n","thumbnail_url":"https:\/\/www.osjenka.si\/ps-trstenik\/wp-content\/uploads\/sites\/3\/2023\/11\/IMG_1281.jpg","thumbnail_width":1920,"thumbnail_height":1440,"description":"Tretji petek v novembru poteka v vrtcih in \u0161olah projekt Tradicionalni slovenski zajtrk. Otroci si ta dan za zajtrk privo\u0161\u010dijo sama lokalno pridelana \u017eivila: kruh, maslo, med, mleko in jabolko. Tako se spomnimo, da je lokalno pridelana hrana bolj sve\u017ea in okusnej\u0161a. Prvo\u0161olce je obiskal tudi \u010debelar. Predstavil jim je delo \u010debelarja in opremo, ki jo uporablja pri svojem delu. Seveda pa se je bilo najbolj imenitno oble\u010di v \u010debelarja."}