{"version":"1.0","provider_name":"P\u0160 Trstenik","provider_url":"https:\/\/www.osjenka.si\/ps-trstenik","title":"Prireditev ob dr\u017eavnem prazniku (22. 12. 2023) - P\u0160 Trstenik","type":"rich","width":600,"height":338,"html":"<blockquote class=\"wp-embedded-content\" data-secret=\"V3z1tniR98\"><a href=\"https:\/\/www.osjenka.si\/ps-trstenik\/2023\/12\/23\/prireditev-ob-drzavnem-prazniku-22-12-2023\/\">Prireditev ob dr\u017eavnem prazniku (22. 12. 2023)<\/a><\/blockquote><iframe sandbox=\"allow-scripts\" security=\"restricted\" src=\"https:\/\/www.osjenka.si\/ps-trstenik\/2023\/12\/23\/prireditev-ob-drzavnem-prazniku-22-12-2023\/embed\/#?secret=V3z1tniR98\" width=\"600\" height=\"338\" title=\"&#8220;Prireditev ob dr\u017eavnem prazniku (22. 12. 2023)&#8221; &#8212; P\u0160 Trstenik\" data-secret=\"V3z1tniR98\" frameborder=\"0\" marginwidth=\"0\" marginheight=\"0\" scrolling=\"no\" class=\"wp-embedded-content\"><\/iframe><script type=\"text\/javascript\">\n\/* <![CDATA[ *\/\n\/*! This file is auto-generated *\/\n!function(d,l){\"use strict\";l.querySelector&&d.addEventListener&&\"undefined\"!=typeof URL&&(d.wp=d.wp||{},d.wp.receiveEmbedMessage||(d.wp.receiveEmbedMessage=function(e){var t=e.data;if((t||t.secret||t.message||t.value)&&!\/[^a-zA-Z0-9]\/.test(t.secret)){for(var s,r,n,a=l.querySelectorAll('iframe[data-secret=\"'+t.secret+'\"]'),o=l.querySelectorAll('blockquote[data-secret=\"'+t.secret+'\"]'),c=new RegExp(\"^https?:$\",\"i\"),i=0;i<o.length;i++)o[i].style.display=\"none\";for(i=0;i<a.length;i++)s=a[i],e.source===s.contentWindow&&(s.removeAttribute(\"style\"),\"height\"===t.message?(1e3<(r=parseInt(t.value,10))?r=1e3:~~r<200&&(r=200),s.height=r):\"link\"===t.message&&(r=new URL(s.getAttribute(\"src\")),n=new URL(t.value),c.test(n.protocol))&&n.host===r.host&&l.activeElement===s&&(d.top.location.href=t.value))}},d.addEventListener(\"message\",d.wp.receiveEmbedMessage,!1),l.addEventListener(\"DOMContentLoaded\",function(){for(var e,t,s=l.querySelectorAll(\"iframe.wp-embedded-content\"),r=0;r<s.length;r++)(t=(e=s[r]).getAttribute(\"data-secret\"))||(t=Math.random().toString(36).substring(2,12),e.src+=\"#?secret=\"+t,e.setAttribute(\"data-secret\",t)),e.contentWindow.postMessage({message:\"ready\",secret:t},\"*\")},!1)))}(window,document);\n\/* ]]> *\/\n<\/script>\n","thumbnail_url":"https:\/\/www.osjenka.si\/ps-trstenik\/wp-content\/uploads\/sites\/3\/2023\/12\/s2p.jpg","thumbnail_width":1920,"thumbnail_height":1440,"description":"Prireditev je bila tokrat \u0161e prav posebej zanimiva. Spoznavali smo namre\u010d slovenske ljudske pripovedke. Na voljo je bilo 12 pripovedk; katere \u0161tiri bomo spoznali, so u\u010denci dolo\u010dili z \u017erebom. \u017dreb je odlo\u010dil, da smo se spoznali s kraljem Matja\u017eem, povodnim mo\u017eem iz Ljubljanice, Erazmom Predjamskim in Vilinsko jamo. Po koncu vsake pripovedke je u\u010diteljica Suzana Ke\u0161ina razlo\u017eila \u0161e njeno zgodovinsko oz. zemljepisno ozadje. U\u010denci so ob poslu\u0161anju u\u017eivali in upamo, da v prihodnosti sli\u0161imo \u0161e preostale pripovedke. &nbsp;"}