{"version":"1.0","provider_name":"P\u0160 Trstenik","provider_url":"https:\/\/www.osjenka.si\/ps-trstenik","title":"Prireditev ob slovenskem kulturnem prazniku - P\u0160 Trstenik","type":"rich","width":600,"height":338,"html":"<blockquote class=\"wp-embedded-content\" data-secret=\"G6J43tzQKd\"><a href=\"https:\/\/www.osjenka.si\/ps-trstenik\/2025\/02\/07\/prireditev-ob-slovenskem-kulturnem-prazniku\/\">Prireditev ob slovenskem kulturnem prazniku<\/a><\/blockquote><iframe sandbox=\"allow-scripts\" security=\"restricted\" src=\"https:\/\/www.osjenka.si\/ps-trstenik\/2025\/02\/07\/prireditev-ob-slovenskem-kulturnem-prazniku\/embed\/#?secret=G6J43tzQKd\" width=\"600\" height=\"338\" title=\"&#8220;Prireditev ob slovenskem kulturnem prazniku&#8221; &#8212; P\u0160 Trstenik\" data-secret=\"G6J43tzQKd\" frameborder=\"0\" marginwidth=\"0\" marginheight=\"0\" scrolling=\"no\" class=\"wp-embedded-content\"><\/iframe><script type=\"text\/javascript\">\n\/* <![CDATA[ *\/\n\/*! This file is auto-generated *\/\n!function(d,l){\"use strict\";l.querySelector&&d.addEventListener&&\"undefined\"!=typeof URL&&(d.wp=d.wp||{},d.wp.receiveEmbedMessage||(d.wp.receiveEmbedMessage=function(e){var t=e.data;if((t||t.secret||t.message||t.value)&&!\/[^a-zA-Z0-9]\/.test(t.secret)){for(var s,r,n,a=l.querySelectorAll('iframe[data-secret=\"'+t.secret+'\"]'),o=l.querySelectorAll('blockquote[data-secret=\"'+t.secret+'\"]'),c=new RegExp(\"^https?:$\",\"i\"),i=0;i<o.length;i++)o[i].style.display=\"none\";for(i=0;i<a.length;i++)s=a[i],e.source===s.contentWindow&&(s.removeAttribute(\"style\"),\"height\"===t.message?(1e3<(r=parseInt(t.value,10))?r=1e3:~~r<200&&(r=200),s.height=r):\"link\"===t.message&&(r=new URL(s.getAttribute(\"src\")),n=new URL(t.value),c.test(n.protocol))&&n.host===r.host&&l.activeElement===s&&(d.top.location.href=t.value))}},d.addEventListener(\"message\",d.wp.receiveEmbedMessage,!1),l.addEventListener(\"DOMContentLoaded\",function(){for(var e,t,s=l.querySelectorAll(\"iframe.wp-embedded-content\"),r=0;r<s.length;r++)(t=(e=s[r]).getAttribute(\"data-secret\"))||(t=Math.random().toString(36).substring(2,12),e.src+=\"#?secret=\"+t,e.setAttribute(\"data-secret\",t)),e.contentWindow.postMessage({message:\"ready\",secret:t},\"*\")},!1)))}(window,document);\n\/* ]]> *\/\n<\/script>\n","thumbnail_url":"https:\/\/www.osjenka.si\/ps-trstenik\/wp-content\/uploads\/sites\/3\/2025\/02\/s1.jpg","thumbnail_width":1920,"thumbnail_height":1440,"description":"Dan pred kulturnim praznikom smo se zbrali v telovadnici na prireditvi ob Pre\u0161ernovem dnevu. Prvi del prireditve je bil kulturno obarvan. Prireditev smo pri\u010deli z Zdravljico, ki jo je zapel \u0161olski pevski zbor. Benjamin je na harmoniko mojstrsko odigral ven\u010dek doma\u010dih. Pevski zbor je ob spremljavi Benjaminove harmonike zapel pesem Jaz pa pojdem na Gorenjsko. Kulturo obarvani del prireditve je zaklju\u010dil Tobija, ki je Zdravljico zaigral \u0161e na flavto. Sledil je kviz o Pre\u0161ernu, kjer so morali u\u010denci odgovarjati na vse bolj zahtevna vpra\u0161anja o Pre\u0161ernovem \u017eivljenju in delu. S skupnimi mo\u010dmi so pravilno odgovorili na vsa vpra\u0161anja. Z zanimivimi dodatnim [&hellip;]"}